{"id":2077,"date":"2021-12-10T20:01:19","date_gmt":"2021-12-10T23:01:19","guid":{"rendered":"https:\/\/int6029-sal.infd.edu.ar\/sitio\/?page_id=2077"},"modified":"2023-02-13T17:53:19","modified_gmt":"2023-02-13T20:53:19","slug":"prof-de-ed-sec-en-psicologia","status":"publish","type":"page","link":"https:\/\/int6029-sal.infd.edu.ar\/sitio\/prof-de-ed-sec-en-psicologia\/","title":{"rendered":"Prof. de ed. sec. en Psicolog\u00eda"},"content":{"rendered":"\n<figure class=\"wp-block-image size-large\"><img decoding=\"async\" loading=\"lazy\" width=\"1748\" height=\"1240\" src=\"https:\/\/int6029-sal.infd.edu.ar\/sitio\/wp-content\/uploads\/2022\/12\/PREINSCRIPCIONES-2023-4-1.png\" alt=\"\" class=\"wp-image-3590\" srcset=\"https:\/\/int6029-sal.infd.edu.ar\/sitio\/wp-content\/uploads\/2022\/12\/PREINSCRIPCIONES-2023-4-1.png 1748w, https:\/\/int6029-sal.infd.edu.ar\/sitio\/wp-content\/uploads\/2022\/12\/PREINSCRIPCIONES-2023-4-1-1000x709.png 1000w, https:\/\/int6029-sal.infd.edu.ar\/sitio\/wp-content\/uploads\/2022\/12\/PREINSCRIPCIONES-2023-4-1-768x545.png 768w, https:\/\/int6029-sal.infd.edu.ar\/sitio\/wp-content\/uploads\/2022\/12\/PREINSCRIPCIONES-2023-4-1-1536x1090.png 1536w\" sizes=\"(max-width: 1748px) 100vw, 1748px\" \/><\/figure>\n\n\n\n<figure class=\"wp-block-image size-large is-resized\"><img decoding=\"async\" loading=\"lazy\" src=\"https:\/\/int6029-sal.infd.edu.ar\/sitio\/wp-content\/uploads\/2021\/12\/Captura-de-pantalla-2021-12-10-a-las-19.05.59.png\" alt=\"\" class=\"wp-image-2080\" width=\"469\" height=\"128\"\/><\/figure>\n\n\n\n<p class=\"has-text-align-center has-light-green-cyan-background-color has-background has-medium-font-size\"><strong><strong><strong><strong>13_02_2023: COMISIONES ACTUALIZADAS  PUBLICADAS<\/strong><\/strong><\/strong><\/strong><\/p>\n\n\n\n<p class=\"has-medium-font-size\">Informamos a los postulantes de la carrera:<strong>&nbsp;Prof. de Ed. Sec. en&nbsp;Psicolog\u00eda<\/strong>&nbsp;<strong>&nbsp;<\/strong>que se encuentra publicado en este mismo espacio&nbsp;<em><strong> <em><strong>en la secci\u00f3n Comisiones, Las COMISONES ACTUALIZADAS para el proceso de Ambientaci\u00f3n, Nivelaci\u00f3n y Evaluaci\u00f3n de la carrera<\/strong><\/em> para su descarga.<\/strong><\/em><\/p>\n\n\n\n<p class=\"has-medium-font-size\">Asi mismo, en la Secci\u00f3n&nbsp;<em><strong>CONSULTAS,<\/strong><\/em>&nbsp;se encuentra habilitado el formulario de consulta y\/o solicitud para postulantes 2023.<\/p>\n\n\n\n<p class=\"has-medium-font-size\">Por alli vamos a estar acompa\u00f1ando y asesorando en todo lo relacionado al uso del campus y proceso de Nivelaci\u00f3n, ambientaci\u00f3n y evaluaci\u00f3n de la carrera.<\/p>\n\n\n\n<p class=\"has-medium-font-size\">Saludos cordiales.<\/p>\n\n\n\n<p class=\"has-medium-font-size\">Prof. Dalila Gonzalez.<\/p>\n\n\n\n<p class=\"has-text-align-center has-light-green-cyan-background-color has-background has-medium-font-size\"><strong><strong><strong><strong>13_02_2023: CRONOGRAMA PUBLICADO!<\/strong><\/strong><\/strong><\/strong><\/p>\n\n\n\n<p class=\"has-medium-font-size\">Informamos a los postulantes de la carrera:<strong>&nbsp;Prof. de Ed. Sec. en&nbsp;Psicolog\u00eda<\/strong>&nbsp;<strong>&nbsp;<\/strong>que se encuentra publicado en este mismo espacio&nbsp;<em><strong>en la secci\u00f3n Cronogramas, El cronograma con los horarios por comisones para el proceso de Ambientaci\u00f3n, Nivelaci\u00f3n y Evaluaci\u00f3n de la carrera<\/strong><\/em>&nbsp;para su descarga.<\/p>\n\n\n\n<p class=\"has-medium-font-size\"><em>Se ruega puntualidad.<\/em><\/p>\n\n\n\n<p class=\"has-medium-font-size\">Asi mismo, en la Secci\u00f3n&nbsp;<em><strong>CONSULTAS,<\/strong><\/em>&nbsp;se encuentra habilitado el formulario de consulta y\/o solicitud para postulantes 2023.<\/p>\n\n\n\n<p class=\"has-medium-font-size\">Por alli vamos a estar acompa\u00f1ando y asesorando en todo lo relacionado al uso del campus y proceso de Nivelaci\u00f3n, ambientaci\u00f3n y evaluaci\u00f3n de la carrera.<\/p>\n\n\n\n<p class=\"has-medium-font-size\">Saludos cordiales.<\/p>\n\n\n\n<p class=\"has-medium-font-size\">Prof. Dalila Gonzalez.<\/p>\n\n\n\n<p class=\"has-medium-font-size\">Vicerrectora IES 6029-Tartagal.<\/p>\n\n\n\n<p class=\"has-text-align-center has-light-green-cyan-background-color has-background has-medium-font-size\"><strong><strong>08_02_2023: COMISIONES PUBLICADAS<\/strong><\/strong><\/p>\n\n\n\n<p><\/p>\n\n\n\n<p class=\"has-text-align-left has-medium-font-size\">&#x1f6d1;&#x1f4e2;Informamos a los postulantes de la carrera:<strong> Prof. de Ed. Sec. en Psicolog\u00eda <\/strong>que se encuentra publicado en este mismo espacio <em><strong>en la secci\u00f3n Comisiones, Las comisones para el proceso de Ambientaci\u00f3n, Nivelaci\u00f3n y Evaluaci\u00f3n de la carrera<\/strong><\/em>  para su descarga.<\/p>\n\n\n\n<p class=\"has-medium-font-size\"><strong><em>El mismo dar\u00e1 inicio el d\u00eda Lunes 13\/02\/23 a partir de las 19.00 horas en el edificio escolar sito en Guemes 950-Tartagal. <\/em><\/strong><\/p>\n\n\n\n<p class=\"has-medium-font-size\"><em>Se ruega puntualidad. <\/em><\/p>\n\n\n\n<p class=\"has-medium-font-size\">Asi mismo, en la Secci\u00f3n <em><strong>CONSULTAS,<\/strong><\/em> se encuentra habilitado el formulario de consulta y\/o solicitud para postulantes 2023.<\/p>\n\n\n\n<p class=\"has-medium-font-size\">Por alli vamos a estar acompa\u00f1ando y asesorando en todo lo relacionado al uso del campus y  proceso de Nivelaci\u00f3n, ambientaci\u00f3n y evaluaci\u00f3n de la carrera. <\/p>\n\n\n\n<p class=\"has-medium-font-size\">Saludos cordiales.<\/p>\n\n\n\n<p class=\"has-medium-font-size\">Prof. Dalila Gonzalez.<\/p>\n\n\n\n<p class=\"has-medium-font-size\">Vicerrectora IES 6029-Tartagal. <\/p>\n\n\n\n<p class=\"has-light-green-cyan-background-color has-background has-medium-font-size\"><strong><strong>10_01_2023: MODULO I : PUBLICADO  Y FROMULARIO DE CONSULTAS <\/strong>HABILITADO.!!!<\/strong><\/p>\n\n\n\n<p class=\"has-text-align-left has-medium-font-size\">&#x1f6d1;&#x1f4e2;Informamos a los postulantes de la carrera:<strong> Prof. de Ed. Sec. en Psicolog\u00eda <\/strong>que se encuentra publicado en este mismo espacio <em><strong>en la secci\u00f3n Material de Estudios, el M\u00f3dulo I: <strong><u>\u201cSER ESTUDIANE DEL NIVEL SUPERIOR\u201d<\/u><\/strong><\/strong><\/em>  para su descarga.<\/p>\n\n\n\n<p class=\"has-medium-font-size\">Asi mismo, en la Secci\u00f3n <em><strong>CONSULTAS,<\/strong><\/em> se encuentra habilitado el formulario de consulta y\/o solicitud para postulantes 2023.<\/p>\n\n\n\n<p class=\"has-medium-font-size\">Por alli vamos a estar acompa\u00f1ando y asesorando en todo lo relacionado al uso del campus y  proceso de Nivelaci\u00f3n, ambientaci\u00f3n y evaluaci\u00f3n de la carrera. <\/p>\n\n\n\n<p class=\"has-medium-font-size\">Saludos cordiales.<\/p>\n\n\n\n<p class=\"has-medium-font-size\">Prof. Dalila Gonzalez.<\/p>\n\n\n\n<p class=\"has-medium-font-size\">Vicerrectora IES 6029-Tartagal. <\/p>\n\n\n\n<p><\/p>\n\n\n\n<p class=\"has-light-green-cyan-background-color has-background has-medium-font-size\"><strong>14\/12\/2022 -Cronograma de Preinscripci\u00f3n y requisitos publicados!!<\/strong><\/p>\n\n\n\n<p>&#x1f6d1;&#x1f4e2;Informamos a los postulantes de la carrera:<strong> Prof. de Ed. Sec. en Psicolog\u00eda <\/strong>que se encuentra publicado en este mismo espacio <em><strong>en la secci\u00f3n cronograma, el cronograma de inscripciones 202<\/strong><\/em><strong>2-<\/strong><\/p>\n\n\n\n<p>As\u00ed mismo informamos que esta disponible en este espacio para descargar:<\/p>\n\n\n\n<p>&#x1f4cc;<strong>Requisitos de Inscripci\u00f3n&nbsp;:<\/strong><\/p>\n\n\n\n<figure class=\"wp-block-image size-large\"><img decoding=\"async\" loading=\"lazy\" width=\"1748\" height=\"1240\" src=\"https:\/\/int6029-sal.infd.edu.ar\/sitio\/wp-content\/uploads\/2022\/12\/PREINSCRIPCIONES-2023-2-3.png\" alt=\"\" class=\"wp-image-3588\" srcset=\"https:\/\/int6029-sal.infd.edu.ar\/sitio\/wp-content\/uploads\/2022\/12\/PREINSCRIPCIONES-2023-2-3.png 1748w, https:\/\/int6029-sal.infd.edu.ar\/sitio\/wp-content\/uploads\/2022\/12\/PREINSCRIPCIONES-2023-2-3-1000x709.png 1000w, https:\/\/int6029-sal.infd.edu.ar\/sitio\/wp-content\/uploads\/2022\/12\/PREINSCRIPCIONES-2023-2-3-768x545.png 768w, https:\/\/int6029-sal.infd.edu.ar\/sitio\/wp-content\/uploads\/2022\/12\/PREINSCRIPCIONES-2023-2-3-1536x1090.png 1536w\" sizes=\"(max-width: 1748px) 100vw, 1748px\" \/><\/figure>\n\n\n\n<p><\/p>\n\n\n\n<p>&#x1f4cc;<strong>Formularios de prenscripci\u00f3n<\/strong> el mismo tambi\u00e9n pueden encontrarlos en las Fotocopiadoras: Do\u00f1a Rosita-frente al Instituto -y Don Abraham Diagonal a la Escuela OEA.&nbsp;<\/p>\n\n\n\n<div class=\"wp-block-file\"><a id=\"wp-block-file--media-e8515ea3-1e9e-4a33-aea4-ea106b74cba7\" href=\"https:\/\/int6029-sal.infd.edu.ar\/sitio\/wp-content\/uploads\/2022\/12\/06_12_22_Formulario-de-Preinscripcion2023-1-1.pdf\">06_12_22_Formulario-de-Preinscripcion2023-1-1<\/a><a href=\"https:\/\/int6029-sal.infd.edu.ar\/sitio\/wp-content\/uploads\/2022\/12\/06_12_22_Formulario-de-Preinscripcion2023-1-1.pdf\" class=\"wp-block-file__button wp-element-button\" download aria-describedby=\"wp-block-file--media-e8515ea3-1e9e-4a33-aea4-ea106b74cba7\">Descarga<\/a><\/div>\n\n\n\n<p> &#x1f33b;&#x1f33b;&#x1f33b;Muchas gracias por su colaboraci\u00f3n.&#x1f33b;&#x1f33b;&#x1f33b;<\/p>\n\n\n\n<p>Prof. Dalila Gonzalez <\/p>\n\n\n\n<p>Vicerrectora IES 6029-Tartagal-<\/p>\n\n\n\n<p>Vicerrectora IES 6029-Tartagal-<\/p>\n\n\n\n<p><\/p>\n\n\n\n<p class=\"has-text-align-left has-black-color has-light-green-cyan-background-color has-text-color has-background has-medium-font-size\"><strong>INVITACI\u00d3N ESPECIAL<\/strong><\/p>\n\n\n\n<p class=\"has-medium-font-size\">Te animamos a realizar el <strong>curso \u00abINTRODUCTORIO A LA FORMACI\u00d3N DOCENTE INICIAL\u00bb<\/strong> en nuestro campus virtual, en forma gratuita y autoasistida. Si bien su realizaci\u00f3n es<strong> optativa<\/strong>, en tanto el mismo no forma parte del curso de ingreso a la carrera, cursarlo te permitir\u00e1, adem\u00e1s de aprender a usar un aula virtual de la plataforma e-ducativa, introducirte a algunos desaf\u00edos tales como: <\/p>\n\n\n\n<p><\/p>\n\n\n<div class=\"wp-block-image\">\n<figure class=\"aligncenter size-large is-resized\"><img decoding=\"async\" loading=\"lazy\" src=\"https:\/\/int6029-sal.infd.edu.ar\/sitio\/wp-content\/uploads\/2021\/12\/Captura-de-pantalla-2021-12-12-a-las-12.39.47.png\" alt=\"\" class=\"wp-image-2166\" width=\"560\" height=\"216\" srcset=\"https:\/\/int6029-sal.infd.edu.ar\/sitio\/wp-content\/uploads\/2021\/12\/Captura-de-pantalla-2021-12-12-a-las-12.39.47.png 1008w, https:\/\/int6029-sal.infd.edu.ar\/sitio\/wp-content\/uploads\/2021\/12\/Captura-de-pantalla-2021-12-12-a-las-12.39.47-1000x385.png 1000w, https:\/\/int6029-sal.infd.edu.ar\/sitio\/wp-content\/uploads\/2021\/12\/Captura-de-pantalla-2021-12-12-a-las-12.39.47-768x296.png 768w\" sizes=\"(max-width: 560px) 100vw, 560px\" \/><\/figure><\/div>\n\n\n<p class=\"has-medium-font-size\">Para inscribirte y cursar, haz click en \u00abCat\u00e1logo de cursos\u00bb, en el sitio web del Instituto.<\/p>\n\n\n\n<div class=\"wp-block-buttons is-horizontal is-content-justification-center is-layout-flex wp-container-1\">\n<div class=\"wp-block-button\"><a class=\"wp-block-button__link wp-element-button\" href=\"https:\/\/int6029-sal.infd.edu.ar\/sitio\/catalogo\/\" target=\"_blank\" rel=\"noreferrer noopener\">Cat\u00e1logo de cursos<\/a><\/div>\n<\/div>\n\n\n\n<p><\/p>\n\n\n\n<figure class=\"wp-block-image size-large is-resized\"><img decoding=\"async\" loading=\"lazy\" src=\"https:\/\/int6029-sal.infd.edu.ar\/sitio\/wp-content\/uploads\/2021\/12\/Captura-de-pantalla-2021-12-10-a-las-19.06.06.png\" alt=\"\" class=\"wp-image-2081\" width=\"458\" height=\"118\"\/><\/figure>\n\n\n\n<p class=\"has-text-align-center has-medium-font-size\"><strong>CRONOGRMA POR COMISIONES -CURSO DE AMBIENTACI\u00d3N, NIVELACI\u00d3N Y EVALUACI\u00d3N 2023.<\/strong><\/p>\n\n\n\n<div class=\"wp-block-file aligncenter\"><object class=\"wp-block-file__embed\" data=\"https:\/\/int6029-sal.infd.edu.ar\/sitio\/wp-content\/uploads\/2023\/02\/IES6029_CRONOGRAMA-AMBIENTACION-Prof-Psicologia-2023.pdf\" type=\"application\/pdf\" style=\"width:100%;height:600px\" aria-label=\"Incrustado de IES6029_CRONOGRAMA-AMBIENTACION-Prof-Psicologia-2023.\"><\/object><a id=\"wp-block-file--media-71c74eae-3e67-47b2-be1f-31940f0eae07\" href=\"https:\/\/int6029-sal.infd.edu.ar\/sitio\/wp-content\/uploads\/2023\/02\/IES6029_CRONOGRAMA-AMBIENTACION-Prof-Psicologia-2023.pdf\">IES6029_CRONOGRAMA-AMBIENTACION-Prof-Psicologia-2023<\/a><a href=\"https:\/\/int6029-sal.infd.edu.ar\/sitio\/wp-content\/uploads\/2023\/02\/IES6029_CRONOGRAMA-AMBIENTACION-Prof-Psicologia-2023.pdf\" class=\"wp-block-file__button wp-element-button\" download aria-describedby=\"wp-block-file--media-71c74eae-3e67-47b2-be1f-31940f0eae07\">Descarga<\/a><\/div>\n\n\n\n<p><strong>PREINSCRIPCIONES 2023<\/strong><\/p>\n\n\n\n<figure class=\"wp-block-table is-style-regular\"><table class=\"has-background\" style=\"background-color:#fcf0ef\"><thead><tr><th class=\"has-text-align-center\" data-align=\"center\">MOMENTO<\/th><th class=\"has-text-align-center\" data-align=\"center\">FECHA<\/th><th>A TENER EN CUENTA<\/th><\/tr><\/thead><tbody><tr><td class=\"has-text-align-center\" data-align=\"center\">PREINSCRIPCI\u00d3N<\/td><td class=\"has-text-align-center\" data-align=\"center\">16\/12\/2022<\/td><td>Tr\u00e1mite presencial y\/o con autorizaci\u00f3n<\/td><\/tr><tr><td class=\"has-text-align-center\" data-align=\"center\"><strong>CURSO DE INGRESO<\/strong><\/td><td class=\"has-text-align-center\" data-align=\"center\">FEBRERO 2023<\/td><td><strong><strong>Modalidad h\u00edbrida: encuentros presenciales obligatorios, encuentros virtuales y trabajos en el aula virtual de la plataforma institucional<\/strong>&nbsp;<\/strong><\/td><\/tr><tr><td class=\"has-text-align-center\" data-align=\"center\">INSCRIPCI\u00d3N<\/td><td class=\"has-text-align-center\" data-align=\"center\">MARZO 2023<\/td><td>Abierta para ingresantes <br>(N\u00f3mina de personas que aprobaron el curso de ingreso)<\/td><\/tr><tr><td class=\"has-text-align-center\" data-align=\"center\">INICIO DE CLASES<\/td><td class=\"has-text-align-center\" data-align=\"center\">MARZO 2023<\/td><td>La informaci\u00f3n estar\u00e1 disponible en  \u00abCursado 2023\u00bb en la Secci\u00f3n \u00abOferta educativa 2023\u00bb.<\/td><\/tr><\/tbody><\/table><\/figure>\n\n\n\n<p class=\"has-vivid-red-color has-text-color\">Ingresantes con materias pendientes del nivel secundario: al <strong>inicio del 2* Cuatrimestre <\/strong>deben presentar constancia de estudios secundarios finalizados. (Ver Art. 7 de <a href=\"http:\/\/www.edusalta.gov.ar\/index.php\/docentes\/normativa-educativa\/reglamentos\/3670-reglamento-academico-marco-ram-institutos-de-educacion-superior\/file\">R.A.M.<\/a>)<\/p>\n\n\n\n<figure class=\"wp-block-image size-large is-resized\"><img decoding=\"async\" loading=\"lazy\" src=\"https:\/\/int6029-sal.infd.edu.ar\/sitio\/wp-content\/uploads\/2021\/12\/Captura-de-pantalla-2021-12-10-a-las-19.06.28-1.png\" alt=\"\" class=\"wp-image-2086\" width=\"463\" height=\"123\"\/><\/figure>\n\n\n\n<p class=\"has-text-align-center has-medium-font-size\"><strong>COMISIONES POSTULANTES 2023.<\/strong><\/p>\n\n\n\n<p class=\"has-medium-font-size\"><strong>COMISI\u00d3N N\u00b0 1 VERDE<\/strong><\/p>\n\n\n\n<div class=\"wp-block-file\"><object class=\"wp-block-file__embed\" data=\"https:\/\/int6029-sal.infd.edu.ar\/sitio\/wp-content\/uploads\/2023\/02\/Preinscr2023_Psiclogia_COM1_VERDE.pdf\" type=\"application\/pdf\" style=\"width:100%;height:600px\" aria-label=\"Incrustado de Preinscr2023_Psiclogia_COM1_VERDE.\"><\/object><a id=\"wp-block-file--media-8463e0f7-3e99-4d1c-8619-0369945b5348\" href=\"https:\/\/int6029-sal.infd.edu.ar\/sitio\/wp-content\/uploads\/2023\/02\/Preinscr2023_Psiclogia_COM1_VERDE.pdf\">Preinscr2023_Psiclogia_COM1_VERDE<\/a><a href=\"https:\/\/int6029-sal.infd.edu.ar\/sitio\/wp-content\/uploads\/2023\/02\/Preinscr2023_Psiclogia_COM1_VERDE.pdf\" class=\"wp-block-file__button wp-element-button\" download aria-describedby=\"wp-block-file--media-8463e0f7-3e99-4d1c-8619-0369945b5348\">Descarga<\/a><\/div>\n\n\n\n<p><strong>COMISI\u00d3N N\u00b0 2 NARANJA<\/strong><\/p>\n\n\n\n<div class=\"wp-block-file aligncenter\"><object class=\"wp-block-file__embed\" data=\"https:\/\/int6029-sal.infd.edu.ar\/sitio\/wp-content\/uploads\/2023\/02\/Preinscr2023_Psiclogia_COM2_NARANJA.docx.pdf\" type=\"application\/pdf\" style=\"width:100%;height:600px\" aria-label=\"Incrustado de Preinscr2023_Psiclogia_COM2_NARANJA.docx.\"><\/object><a id=\"wp-block-file--media-3555bc9b-809f-4a5b-982a-20c3a1ced1fa\" href=\"https:\/\/int6029-sal.infd.edu.ar\/sitio\/wp-content\/uploads\/2023\/02\/Preinscr2023_Psiclogia_COM2_NARANJA.docx.pdf\">Preinscr2023_Psiclogia_COM2_NARANJA.docx<\/a><a href=\"https:\/\/int6029-sal.infd.edu.ar\/sitio\/wp-content\/uploads\/2023\/02\/Preinscr2023_Psiclogia_COM2_NARANJA.docx.pdf\" class=\"wp-block-file__button wp-element-button\" download aria-describedby=\"wp-block-file--media-3555bc9b-809f-4a5b-982a-20c3a1ced1fa\">Descarga<\/a><\/div>\n\n\n\n<p><strong>COMISI\u00d3N N\u00b0 3 CELESTE<\/strong><\/p>\n\n\n\n<div class=\"wp-block-file aligncenter\"><object class=\"wp-block-file__embed\" data=\"https:\/\/int6029-sal.infd.edu.ar\/sitio\/wp-content\/uploads\/2023\/02\/Preinscr2023_Psiclogia_COM3_CELESTE.docx-1.pdf\" type=\"application\/pdf\" style=\"width:100%;height:600px\" aria-label=\"Incrustado de Preinscr2023_Psiclogia_COM3_CELESTE.docx-1.\"><\/object><a id=\"wp-block-file--media-5c7fe09c-7ce6-4731-900b-ac590b2094d4\" href=\"https:\/\/int6029-sal.infd.edu.ar\/sitio\/wp-content\/uploads\/2023\/02\/Preinscr2023_Psiclogia_COM3_CELESTE.docx-1.pdf\">Preinscr2023_Psiclogia_COM3_CELESTE.docx-1<\/a><a href=\"https:\/\/int6029-sal.infd.edu.ar\/sitio\/wp-content\/uploads\/2023\/02\/Preinscr2023_Psiclogia_COM3_CELESTE.docx-1.pdf\" class=\"wp-block-file__button wp-element-button\" download aria-describedby=\"wp-block-file--media-5c7fe09c-7ce6-4731-900b-ac590b2094d4\">Descarga<\/a><\/div>\n\n\n\n<p><\/p>\n\n\n\n<p class=\"has-medium-font-size\"><strong>No se enviar\u00e1 confirmaci\u00f3n de preinscripci\u00f3n ni informaci\u00f3n sobre las comisiones v\u00eda correo electr\u00f3nico<\/strong>, tenga a bien chequear la lista en este espacio y en el aula virtual. Si al hacerlo, Ud. no visualiza su nombre y efectivamente se preinscribi\u00f3 el 16\/12\/2022, comun\u00edquese con nosotros por el formulario de consulta, sin olvidar enviar la imagen del formulario de preinscripci\u00f3n y la descripci\u00f3n de su situaci\u00f3n.<\/p>\n\n\n\n<figure class=\"wp-block-image size-large is-resized\"><img decoding=\"async\" loading=\"lazy\" src=\"https:\/\/int6029-sal.infd.edu.ar\/sitio\/wp-content\/uploads\/2021\/12\/Captura-de-pantalla-2021-12-10-a-las-19.05.53-1.png\" alt=\"\" class=\"wp-image-2087\" width=\"539\" height=\"119\" srcset=\"https:\/\/int6029-sal.infd.edu.ar\/sitio\/wp-content\/uploads\/2021\/12\/Captura-de-pantalla-2021-12-10-a-las-19.05.53-1.png 816w, https:\/\/int6029-sal.infd.edu.ar\/sitio\/wp-content\/uploads\/2021\/12\/Captura-de-pantalla-2021-12-10-a-las-19.05.53-1-768x169.png 768w\" sizes=\"(max-width: 539px) 100vw, 539px\" \/><\/figure>\n\n\n\n<p class=\"has-medium-font-size\">En el curso de ingreso se trabajar\u00e1n <strong>tres m\u00f3dulos<\/strong>:<\/p>\n\n\n\n<ul>\n<li><strong>M\u00f3dulo 1<\/strong>: <strong><u>\u201cSER ESTUDIANE DEL NIVEL SUPERIOR\u201d<\/u><\/strong><\/li>\n\n\n\n<li><strong>M\u00f3dulo 2<\/strong>: Ciudadan\u00eda y comunicaci\u00f3n<\/li>\n\n\n\n<li><strong>M\u00f3dulo 3<\/strong>: Una aproximaci\u00f3n a las Ciencias Sociales y Humanidades<\/li>\n<\/ul>\n\n\n<div class=\"wp-block-image\">\n<figure class=\"aligncenter size-large is-resized\"><img decoding=\"async\" loading=\"lazy\" src=\"https:\/\/int6029-sal.infd.edu.ar\/sitio\/wp-content\/uploads\/2021\/12\/Clave.png\" alt=\"\" class=\"wp-image-2236\" width=\"59\" height=\"58\"\/><\/figure><\/div>\n\n\n<p class=\"has-text-align-center has-vivid-red-color has-text-color has-medium-font-size\">El material disponible est\u00e1 disponibles adem\u00e1s, en las fotocopiadoras cercanas al IES N* 6029.<\/p>\n\n\n\n<p><strong>M\u00d3DULO I: <u>\u201cSER ESTUDIANE DEL NIVEL SUPERIOR\u201d<\/u><\/strong><\/p>\n\n\n\n<div class=\"wp-block-file\"><object class=\"wp-block-file__embed\" data=\"https:\/\/int6029-sal.infd.edu.ar\/sitio\/wp-content\/uploads\/2023\/01\/10_01_22_Modulo-I_presentacion-cartilla-1.pdf\" type=\"application\/pdf\" style=\"width:100%;height:600px\" aria-label=\"Incrustado de 10_01_22_Modulo-I_presentacion-cartilla-1.\"><\/object><a id=\"wp-block-file--media-2f9aa077-ec3e-4789-aa43-e228444ff34d\" href=\"https:\/\/int6029-sal.infd.edu.ar\/sitio\/wp-content\/uploads\/2023\/01\/10_01_22_Modulo-I_presentacion-cartilla-1.pdf\">10_01_22_Modulo-I_presentacion-cartilla-1<\/a><a href=\"https:\/\/int6029-sal.infd.edu.ar\/sitio\/wp-content\/uploads\/2023\/01\/10_01_22_Modulo-I_presentacion-cartilla-1.pdf\" class=\"wp-block-file__button wp-element-button\" download aria-describedby=\"wp-block-file--media-2f9aa077-ec3e-4789-aa43-e228444ff34d\">Descarga<\/a><\/div>\n\n\n\n<p><\/p>\n\n\n\n<div class=\"wp-block-file\"><object class=\"wp-block-file__embed\" data=\"https:\/\/int6029-sal.infd.edu.ar\/sitio\/wp-content\/uploads\/2023\/01\/10_01_23_Psicologia_Cartilla_1-2023_Part1.docx.pdf\" type=\"application\/pdf\" style=\"width:100%;height:600px\" aria-label=\"Incrustado de 10_01_23_Psicologia_Cartilla_1-2023_Part1.docx.\"><\/object><a id=\"wp-block-file--media-94bb4fa5-9457-4739-9443-26c69523a108\" href=\"https:\/\/int6029-sal.infd.edu.ar\/sitio\/wp-content\/uploads\/2023\/01\/10_01_23_Psicologia_Cartilla_1-2023_Part1.docx.pdf\">10_01_23_Psicologia_Cartilla_1-2023_Part1.docx<\/a><a href=\"https:\/\/int6029-sal.infd.edu.ar\/sitio\/wp-content\/uploads\/2023\/01\/10_01_23_Psicologia_Cartilla_1-2023_Part1.docx.pdf\" class=\"wp-block-file__button wp-element-button\" download aria-describedby=\"wp-block-file--media-94bb4fa5-9457-4739-9443-26c69523a108\">Descarga<\/a><\/div>\n\n\n\n<div class=\"wp-block-file\"><object class=\"wp-block-file__embed\" data=\"https:\/\/int6029-sal.infd.edu.ar\/sitio\/wp-content\/uploads\/2023\/01\/10_01_23_Psicologia_Cartilla_1-2023_Part2.docx.pdf\" type=\"application\/pdf\" style=\"width:100%;height:600px\" aria-label=\"Incrustado de 10_01_23_Psicologia_Cartilla_1-2023_Part2.docx.\"><\/object><a id=\"wp-block-file--media-045ceeb5-a2f7-4dec-9351-c71191b9e776\" href=\"https:\/\/int6029-sal.infd.edu.ar\/sitio\/wp-content\/uploads\/2023\/01\/10_01_23_Psicologia_Cartilla_1-2023_Part2.docx.pdf\">10_01_23_Psicologia_Cartilla_1-2023_Part2.docx<\/a><a href=\"https:\/\/int6029-sal.infd.edu.ar\/sitio\/wp-content\/uploads\/2023\/01\/10_01_23_Psicologia_Cartilla_1-2023_Part2.docx.pdf\" class=\"wp-block-file__button wp-element-button\" download aria-describedby=\"wp-block-file--media-045ceeb5-a2f7-4dec-9351-c71191b9e776\">Descarga<\/a><\/div>\n\n\n\n<p><\/p>\n\n\n\n<div class=\"wp-block-file\"><object class=\"wp-block-file__embed\" data=\"https:\/\/int6029-sal.infd.edu.ar\/sitio\/wp-content\/uploads\/2023\/01\/10_01_23_Psicologia_Cartilla_1-2023_Part3.pdf\" type=\"application\/pdf\" style=\"width:100%;height:600px\" aria-label=\"Incrustado de 10_01_23_Psicologia_Cartilla_1-2023_Part3.\"><\/object><a id=\"wp-block-file--media-a3f2c69e-1094-405a-af53-a48e57a29827\" href=\"https:\/\/int6029-sal.infd.edu.ar\/sitio\/wp-content\/uploads\/2023\/01\/10_01_23_Psicologia_Cartilla_1-2023_Part3.pdf\">10_01_23_Psicologia_Cartilla_1-2023_Part3<\/a><a href=\"https:\/\/int6029-sal.infd.edu.ar\/sitio\/wp-content\/uploads\/2023\/01\/10_01_23_Psicologia_Cartilla_1-2023_Part3.pdf\" class=\"wp-block-file__button wp-element-button\" download aria-describedby=\"wp-block-file--media-a3f2c69e-1094-405a-af53-a48e57a29827\">Descarga<\/a><\/div>\n\n\n\n<p><\/p>\n\n\n\n<p class=\"has-medium-font-size\">A modo de sugerencia, invitamos a Ud. a leer la Gu\u00eda del Estudiante de Educaci\u00f3n Superior.<\/p>\n\n\n\n<div class=\"wp-block-buttons is-horizontal is-content-justification-center is-layout-flex wp-container-2\">\n<div class=\"wp-block-button\"><a class=\"wp-block-button__link wp-element-button\" href=\"http:\/\/www.edusalta.gov.ar\/index.php\/docman\/expo-futuro-2020\/educacion-superior\/5698-guia-del-estudiante-2021-ver-001\/file\" target=\"_blank\" rel=\"noreferrer noopener\">Gu\u00eda del Estudiante de Educaci\u00f3n Superior<\/a><\/div>\n<\/div>\n\n\n\n<p><em>Si no puede descargar desde el link, copie y pegue en el navegador, esta direcci\u00f3n: http:\/\/www.edusalta.gov.ar\/index.php\/docman\/expo-futuro-2020\/educacion-superior\/5698-guia-del-estudiante-2021-ver-001\/file<\/em><\/p>\n\n\n\n<figure class=\"wp-block-image size-large is-resized\"><img decoding=\"async\" loading=\"lazy\" src=\"https:\/\/int6029-sal.infd.edu.ar\/sitio\/wp-content\/uploads\/2021\/12\/Captura-de-pantalla-2021-12-10-a-las-19.06.21-2.png\" alt=\"\" class=\"wp-image-2088\" width=\"458\" height=\"119\"\/><\/figure>\n\n\n\n<p><strong>PROCEDIMIENTO DE VALIDACI\u00d3N, ACREDITACI\u00d3N Y CALIFICACI\u00d3N<\/strong><\/p>\n\n\n\n<p class=\"has-medium-font-size\">-Los <strong>m\u00f3dulos<\/strong> se realizar\u00e1n de forma consecutiva, realiz\u00e1ndose al cierre de cada uno, el examen correspondiente.<\/p>\n\n\n\n<p class=\"has-medium-font-size\">-Cada <strong>examen<\/strong> tendr\u00e1 car\u00e1cter <strong>eliminatorio<\/strong>, sin opci\u00f3n a instancia de recuperaci\u00f3n, por tanto, si un estudiante no aprueba un examen, no podr\u00e1 realizar el siguiente y en caso lo haga, no se considerar\u00e1 su realizaci\u00f3n. Si por alg\u00fan motivo de fuerza mayor no lo pudiera realizar, deber\u00e1 avisar el mismo d\u00eda por el formulario creado para tal fin.<\/p>\n\n\n\n<p class=\"has-medium-font-size\">-Para que un examen sea considerado aprobado debe:<\/p>\n\n\n\n<ul>\n<li>Contener datos completos y correctos del estudiante<\/li>\n\n\n\n<li>Especificar nombre completo de la Instituci\u00f3n y de la carrera<\/li>\n\n\n\n<li>Ser realizado en tiempo y forma<\/li>\n\n\n\n<li>Tener 70% o m\u00e1s de respuestas v\u00e1lidas.<\/li>\n<\/ul>\n\n\n\n<p class=\"has-medium-font-size\">-Al cierre del proceso de calificaci\u00f3n de cada examen, las\/o estudiantes que aprueben, aprobar\u00e1n el m\u00f3dulo correspondiente y acceder\u00e1n por tanto, al siguiente m\u00f3dulo. Las y los estudiantes que no aprueben el examen,&nbsp; dejar\u00e1n de ser postulantes. <\/p>\n\n\n\n<figure class=\"wp-block-image size-large is-resized\"><img decoding=\"async\" loading=\"lazy\" src=\"https:\/\/int6029-sal.infd.edu.ar\/sitio\/wp-content\/uploads\/2021\/12\/Captura-de-pantalla-2021-12-10-a-las-20.16.45.png\" alt=\"\" class=\"wp-image-2102\" width=\"493\" height=\"133\"\/><\/figure>\n\n\n\n<p>&#x1f6d1; Toda consulta, solicitud o comentario sobre el Ingreso al&nbsp; ciclo lectivo 2023 debe ser realizado por el presente formulario.<\/p>\n\n\n\n<p>&#x1f6d1; La respuesta se enviar\u00e1 al correo registrado en este formulario, en un lapso no mayor a 72 hs (d\u00edas h\u00e1biles)<\/p>\n\n\n\n<p>&#x1f4e3;&#x1f4e3; Si es postulante para ingresar a la Carrera, tenga en cuenta que toda la informaci\u00f3n se publica por este espacio y por el campus del Instituto.<\/p>\n\n\n\n<p><strong>IMPORTANTE<\/strong><\/p>\n\n\n\n<p>&#x25fc;&#xfe0f; Lea la Gu\u00eda del Estudiante 2023. All\u00ed podr\u00e1 acceder a toda la informaci\u00f3n v\u00e1lida para la Provincia de Salta respecto al ingreso a la Educaci\u00f3n Superior.<\/p>\n\n\n\n<p>Est\u00e1 disponible en:&nbsp;<a href=\"http:\/\/www.edusalta.gov.ar\/index.php\/docman\/expo-futuro-2020\/educacion-superior\/5698-guia-del-estudiante-2021-ver-001\/file\">http:\/\/www.edusalta.gov.ar\/index.php\/docman\/expo-futuro-2020\/educacion-superior\/5698-guia-del-estudiante-2021-ver-001\/file<\/a><\/p>\n\n\n\n<p>&#x1f4e3;&#x1f4e3;<strong>SI NO PUEDE REALIZAR SU CONSULTA &nbsp;POR FORMULARIO, COMUN\u00cdQUESE AL CORREO<\/strong>&nbsp;<a href=\"mailto:int6029.tartagal@gmail.com\">int6029.tartagal@gmail.com<\/a>, por favor, sin olvidar detallar sus datos personales y adjuntar documentaci\u00f3n que fundamente y\/o corrobore lo que est\u00e1 planteando &#x1f4e3;&#x1f4e3;<br>&#8211; Nombre y apellido<br>&#8211; Carrera<br>&#8211; DNI<br>&#8211; Correo electr\u00f3nico<br>&#8211; Correo electr\u00f3nico alternativo<br>&#8211; N* de Tel\u00e9fono<br>&#8211; N* Tel\u00e9fono alternativo<\/p>\n\n\n\n<p>Saludos cordiales<\/p>\n\n\n\n<p>Prof. Dalila Gonz\u00e1lez<br>Vicerector\u00eda<br>IES N* 6029<\/p>\n\n\n\n<p class=\"has-text-align-center has-large-font-size\" id=\"https:\/\/docs.google.com\/forms\/d\/e\/1FAIpQLSesIiKdb2t7PrQCGAvg9QHGUSK07kDWD-GAm53EoiH6esULhQ\/viewform?usp=sf_link\"><strong><mark style=\"background-color:rgba(0, 0, 0, 0)\" class=\"has-inline-color has-contrast-color\"><a href=\"https:\/\/docs.google.com\/forms\/d\/e\/1FAIpQLSesIiKdb2t7PrQCGAvg9QHGUSK07kDWD-GAm53EoiH6esULhQ\/viewform?usp=sf_link\" data-type=\"URL\" data-id=\"https:\/\/docs.google.com\/forms\/d\/e\/1FAIpQLSesIiKdb2t7PrQCGAvg9QHGUSK07kDWD-GAm53EoiH6esULhQ\/viewform?usp=sf_link\">FORMULARIO DE CONSULTA. POSTULANTES 2023<\/a><\/mark><\/strong><\/p>\n\n\n\n<p><\/p>\n","protected":false},"excerpt":{"rendered":"<p>13_02_2023: COMISIONES ACTUALIZADAS PUBLICADAS Informamos a los postulantes de la carrera:&nbsp;Prof. de Ed. Sec. en&nbsp;Psicolog\u00eda&nbsp;&nbsp;que se encuentra publicado en este mismo espacio&nbsp; en la secci\u00f3n Comisiones, Las COMISONES ACTUALIZADAS para el proceso de Ambientaci\u00f3n, Nivelaci\u00f3n y Evaluaci\u00f3n de la carrera para su descarga. Asi mismo, en la Secci\u00f3n&nbsp;CONSULTAS,&nbsp;se encuentra habilitado el formulario de consulta y\/o &#8230; <a title=\"Prof. de ed. sec. en Psicolog\u00eda\" class=\"read-more\" href=\"https:\/\/int6029-sal.infd.edu.ar\/sitio\/prof-de-ed-sec-en-psicologia\/\" aria-label=\"More on Prof. de ed. sec. en Psicolog\u00eda\">[+]<\/a><\/p>\n","protected":false},"author":698,"featured_media":0,"parent":0,"menu_order":0,"comment_status":"closed","ping_status":"closed","template":"","meta":[],"acf":[],"_links":{"self":[{"href":"https:\/\/int6029-sal.infd.edu.ar\/sitio\/wp-json\/wp\/v2\/pages\/2077"}],"collection":[{"href":"https:\/\/int6029-sal.infd.edu.ar\/sitio\/wp-json\/wp\/v2\/pages"}],"about":[{"href":"https:\/\/int6029-sal.infd.edu.ar\/sitio\/wp-json\/wp\/v2\/types\/page"}],"author":[{"embeddable":true,"href":"https:\/\/int6029-sal.infd.edu.ar\/sitio\/wp-json\/wp\/v2\/users\/698"}],"replies":[{"embeddable":true,"href":"https:\/\/int6029-sal.infd.edu.ar\/sitio\/wp-json\/wp\/v2\/comments?post=2077"}],"version-history":[{"count":84,"href":"https:\/\/int6029-sal.infd.edu.ar\/sitio\/wp-json\/wp\/v2\/pages\/2077\/revisions"}],"predecessor-version":[{"id":3818,"href":"https:\/\/int6029-sal.infd.edu.ar\/sitio\/wp-json\/wp\/v2\/pages\/2077\/revisions\/3818"}],"wp:attachment":[{"href":"https:\/\/int6029-sal.infd.edu.ar\/sitio\/wp-json\/wp\/v2\/media?parent=2077"}],"curies":[{"name":"wp","href":"https:\/\/api.w.org\/{rel}","templated":true}]}}